{"id":124443,"date":"2024-09-16T10:11:03","date_gmt":"2024-09-16T15:11:03","guid":{"rendered":"https:\/\/latam.cognita.network\/vermontmedellin-v2\/?page_id=121960"},"modified":"2025-02-13T00:58:11","modified_gmt":"2025-02-13T05:58:11","slug":"faqs","status":"publish","type":"page","link":"https:\/\/laarboleda.edu.co\/es\/admisiones\/faqs\/","title":{"rendered":"FAQs"},"content":{"rendered":"\t\t<div data-elementor-type=\"wp-page\" data-elementor-id=\"124443\" class=\"elementor elementor-124443\" data-elementor-post-type=\"page\">\n\t\t\t\t<div class=\"elementor-element elementor-element-12fdd537 e-con-full e-flex e-con e-child\" data-id=\"12fdd537\" data-element_type=\"container\" data-e-type=\"container\">\n\t\t\t\t<div class=\"elementor-element elementor-element-69cf95c elementor-widget elementor-widget-image\" data-id=\"69cf95c\" data-element_type=\"widget\" data-e-type=\"widget\" data-widget_type=\"image.default\">\n\t\t\t\t<div class=\"elementor-widget-container\">\n\t\t\t\t\t\t\t\t\t\t\t\t\t\t\t<img decoding=\"async\" src=\"https:\/\/laarboleda.edu.co\/wp-content\/uploads\/sites\/34\/2024\/12\/Preguntas_Frecuentes_Arboleda_School_Educacion_integral_en_Cali.jpg?w=1440\" title=\"Preguntas_Frecuentes_Arboleda_School_Educaci\u00f3n_integral_en_Cali\" alt=\"Preguntas_Frecuentes_Arboleda_School_Educaci\u00f3n_integral_en_Cali\" loading=\"lazy\" \/>\t\t\t\t\t\t\t\t\t\t\t\t\t\t\t<\/div>\n\t\t\t\t<\/div>\n\t\t\t\t<\/div>\n\t\t<div class=\"elementor-element elementor-element-3ee31df3 e-flex e-con-boxed e-con e-parent\" data-id=\"3ee31df3\" data-element_type=\"container\" data-e-type=\"container\" data-settings=\"{&quot;background_background&quot;:&quot;classic&quot;}\">\n\t\t\t\t\t<div class=\"e-con-inner\">\n\t\t<div class=\"elementor-element elementor-element-4ded860a e-con-full e-flex e-con e-child\" data-id=\"4ded860a\" data-element_type=\"container\" data-e-type=\"container\" data-settings=\"{&quot;animation&quot;:&quot;none&quot;,&quot;animation_delay&quot;:&quot;500&quot;}\">\n\t\t\t\t<div class=\"elementor-element elementor-element-39e5de76 elementor-widget elementor-widget-heading\" data-id=\"39e5de76\" data-element_type=\"widget\" data-e-type=\"widget\" data-widget_type=\"heading.default\">\n\t\t\t\t<div class=\"elementor-widget-container\">\n\t\t\t\t\t<h3 class=\"elementor-heading-title elementor-size-default\">PREGUNTAS FRECUENTES<\/h3>\t\t\t\t<\/div>\n\t\t\t\t<\/div>\n\t\t\t\t<div class=\"elementor-element elementor-element-1b112e2c elementor-widget elementor-widget-toggle\" data-id=\"1b112e2c\" data-element_type=\"widget\" data-e-type=\"widget\" data-widget_type=\"toggle.default\">\n\t\t\t\t<div class=\"elementor-widget-container\">\n\t\t\t\t\t\t\t<div class=\"elementor-toggle\">\n\t\t\t\t\t\t\t<div class=\"elementor-toggle-item\">\n\t\t\t\t\t<div id=\"elementor-tab-title-4541\" class=\"elementor-tab-title\" data-tab=\"1\" role=\"button\" aria-controls=\"elementor-tab-content-4541\" aria-expanded=\"false\">\n\t\t\t\t\t\t\t\t\t\t\t\t<span class=\"elementor-toggle-icon elementor-toggle-icon-right\" aria-hidden=\"true\">\n\t\t\t\t\t\t\t\t\t\t\t\t\t\t\t<span class=\"elementor-toggle-icon-closed\"><svg class=\"e-font-icon-svg e-fas-plus-circle\" viewBox=\"0 0 512 512\" xmlns=\"http:\/\/www.w3.org\/2000\/svg\"><path d=\"M256 8C119 8 8 119 8 256s111 248 248 248 248-111 248-248S393 8 256 8zm144 276c0 6.6-5.4 12-12 12h-92v92c0 6.6-5.4 12-12 12h-56c-6.6 0-12-5.4-12-12v-92h-92c-6.6 0-12-5.4-12-12v-56c0-6.6 5.4-12 12-12h92v-92c0-6.6 5.4-12 12-12h56c6.6 0 12 5.4 12 12v92h92c6.6 0 12 5.4 12 12v56z\"><\/path><\/svg><\/span>\n\t\t\t\t\t\t\t\t<span class=\"elementor-toggle-icon-opened\"><svg class=\"elementor-toggle-icon-opened e-font-icon-svg e-fas-minus-circle\" viewBox=\"0 0 512 512\" xmlns=\"http:\/\/www.w3.org\/2000\/svg\"><path d=\"M256 8C119 8 8 119 8 256s111 248 248 248 248-111 248-248S393 8 256 8zM124 296c-6.6 0-12-5.4-12-12v-56c0-6.6 5.4-12 12-12h264c6.6 0 12 5.4 12 12v56c0 6.6-5.4 12-12 12H124z\"><\/path><\/svg><\/span>\n\t\t\t\t\t\t\t\t\t\t\t\t\t<\/span>\n\t\t\t\t\t\t\t\t\t\t\t\t<a class=\"elementor-toggle-title\" tabindex=\"0\">\u00bfDesde qu\u00e9 edad pueden ingresar los estudiantes?<\/a>\n\t\t\t\t\t<\/div>\n\n\t\t\t\t\t<div id=\"elementor-tab-content-4541\" class=\"elementor-tab-content elementor-clearfix\" data-tab=\"1\" role=\"region\" aria-labelledby=\"elementor-tab-title-4541\"><p><span style=\"font-weight: 400\">Los ni\u00f1os pueden ingresar desde los 12 meses en nuestra secci\u00f3n de Early Childhood, adaptado a cada etapa de desarrollo.<\/span><\/p><\/div>\n\t\t\t\t<\/div>\n\t\t\t\t\t\t\t<div class=\"elementor-toggle-item\">\n\t\t\t\t\t<div id=\"elementor-tab-title-4542\" class=\"elementor-tab-title\" data-tab=\"2\" role=\"button\" aria-controls=\"elementor-tab-content-4542\" aria-expanded=\"false\">\n\t\t\t\t\t\t\t\t\t\t\t\t<span class=\"elementor-toggle-icon elementor-toggle-icon-right\" aria-hidden=\"true\">\n\t\t\t\t\t\t\t\t\t\t\t\t\t\t\t<span class=\"elementor-toggle-icon-closed\"><svg class=\"e-font-icon-svg e-fas-plus-circle\" viewBox=\"0 0 512 512\" xmlns=\"http:\/\/www.w3.org\/2000\/svg\"><path d=\"M256 8C119 8 8 119 8 256s111 248 248 248 248-111 248-248S393 8 256 8zm144 276c0 6.6-5.4 12-12 12h-92v92c0 6.6-5.4 12-12 12h-56c-6.6 0-12-5.4-12-12v-92h-92c-6.6 0-12-5.4-12-12v-56c0-6.6 5.4-12 12-12h92v-92c0-6.6 5.4-12 12-12h56c6.6 0 12 5.4 12 12v92h92c6.6 0 12 5.4 12 12v56z\"><\/path><\/svg><\/span>\n\t\t\t\t\t\t\t\t<span class=\"elementor-toggle-icon-opened\"><svg class=\"elementor-toggle-icon-opened e-font-icon-svg e-fas-minus-circle\" viewBox=\"0 0 512 512\" xmlns=\"http:\/\/www.w3.org\/2000\/svg\"><path d=\"M256 8C119 8 8 119 8 256s111 248 248 248 248-111 248-248S393 8 256 8zM124 296c-6.6 0-12-5.4-12-12v-56c0-6.6 5.4-12 12-12h264c6.6 0 12 5.4 12 12v56c0 6.6-5.4 12-12 12H124z\"><\/path><\/svg><\/span>\n\t\t\t\t\t\t\t\t\t\t\t\t\t<\/span>\n\t\t\t\t\t\t\t\t\t\t\t\t<a class=\"elementor-toggle-title\" tabindex=\"0\">\u00bfCu\u00e1les son los horarios en Arboleda School?<\/a>\n\t\t\t\t\t<\/div>\n\n\t\t\t\t\t<div id=\"elementor-tab-content-4542\" class=\"elementor-tab-content elementor-clearfix\" data-tab=\"2\" role=\"region\" aria-labelledby=\"elementor-tab-title-4542\"><ul><li style=\"font-weight: 400\"><span style=\"font-weight: 400\">K1-K2-K3: Horario regular de 8:00 a. m. a 12:00 m., con opci\u00f3n de jornada extendida hasta las 2:30 p. m.<\/span><\/li><li style=\"font-weight: 400\"><span style=\"font-weight: 400\">K4-K5: 8:00 a. m. a 2:30 p. m.<\/span><\/li><li style=\"font-weight: 400\"><span style=\"font-weight: 400\">1st-12th Grade: 7:20 a. m. a 2:30 p. m.<\/span><\/li><\/ul><\/div>\n\t\t\t\t<\/div>\n\t\t\t\t\t\t\t<div class=\"elementor-toggle-item\">\n\t\t\t\t\t<div id=\"elementor-tab-title-4543\" class=\"elementor-tab-title\" data-tab=\"3\" role=\"button\" aria-controls=\"elementor-tab-content-4543\" aria-expanded=\"false\">\n\t\t\t\t\t\t\t\t\t\t\t\t<span class=\"elementor-toggle-icon elementor-toggle-icon-right\" aria-hidden=\"true\">\n\t\t\t\t\t\t\t\t\t\t\t\t\t\t\t<span class=\"elementor-toggle-icon-closed\"><svg class=\"e-font-icon-svg e-fas-plus-circle\" viewBox=\"0 0 512 512\" xmlns=\"http:\/\/www.w3.org\/2000\/svg\"><path d=\"M256 8C119 8 8 119 8 256s111 248 248 248 248-111 248-248S393 8 256 8zm144 276c0 6.6-5.4 12-12 12h-92v92c0 6.6-5.4 12-12 12h-56c-6.6 0-12-5.4-12-12v-92h-92c-6.6 0-12-5.4-12-12v-56c0-6.6 5.4-12 12-12h92v-92c0-6.6 5.4-12 12-12h56c6.6 0 12 5.4 12 12v92h92c6.6 0 12 5.4 12 12v56z\"><\/path><\/svg><\/span>\n\t\t\t\t\t\t\t\t<span class=\"elementor-toggle-icon-opened\"><svg class=\"elementor-toggle-icon-opened e-font-icon-svg e-fas-minus-circle\" viewBox=\"0 0 512 512\" xmlns=\"http:\/\/www.w3.org\/2000\/svg\"><path d=\"M256 8C119 8 8 119 8 256s111 248 248 248 248-111 248-248S393 8 256 8zM124 296c-6.6 0-12-5.4-12-12v-56c0-6.6 5.4-12 12-12h264c6.6 0 12 5.4 12 12v56c0 6.6-5.4 12-12 12H124z\"><\/path><\/svg><\/span>\n\t\t\t\t\t\t\t\t\t\t\t\t\t<\/span>\n\t\t\t\t\t\t\t\t\t\t\t\t<a class=\"elementor-toggle-title\" tabindex=\"0\">\u00bfQu\u00e9 idiomas se aprenden en Arboleda School?<\/a>\n\t\t\t\t\t<\/div>\n\n\t\t\t\t\t<div id=\"elementor-tab-content-4543\" class=\"elementor-tab-content elementor-clearfix\" data-tab=\"3\" role=\"region\" aria-labelledby=\"elementor-tab-title-4543\"><p><span style=\"font-weight: 400\">Arboleda ofrece un enfoque multiling\u00fce con espa\u00f1ol, ingl\u00e9s (niveles B2-C1) y franc\u00e9s (nivel B1), preparando a los estudiantes para un mundo globalizado.<\/span><\/p><\/div>\n\t\t\t\t<\/div>\n\t\t\t\t\t\t\t<div class=\"elementor-toggle-item\">\n\t\t\t\t\t<div id=\"elementor-tab-title-4544\" class=\"elementor-tab-title\" data-tab=\"4\" role=\"button\" aria-controls=\"elementor-tab-content-4544\" aria-expanded=\"false\">\n\t\t\t\t\t\t\t\t\t\t\t\t<span class=\"elementor-toggle-icon elementor-toggle-icon-right\" aria-hidden=\"true\">\n\t\t\t\t\t\t\t\t\t\t\t\t\t\t\t<span class=\"elementor-toggle-icon-closed\"><svg class=\"e-font-icon-svg e-fas-plus-circle\" viewBox=\"0 0 512 512\" xmlns=\"http:\/\/www.w3.org\/2000\/svg\"><path d=\"M256 8C119 8 8 119 8 256s111 248 248 248 248-111 248-248S393 8 256 8zm144 276c0 6.6-5.4 12-12 12h-92v92c0 6.6-5.4 12-12 12h-56c-6.6 0-12-5.4-12-12v-92h-92c-6.6 0-12-5.4-12-12v-56c0-6.6 5.4-12 12-12h92v-92c0-6.6 5.4-12 12-12h56c6.6 0 12 5.4 12 12v92h92c6.6 0 12 5.4 12 12v56z\"><\/path><\/svg><\/span>\n\t\t\t\t\t\t\t\t<span class=\"elementor-toggle-icon-opened\"><svg class=\"elementor-toggle-icon-opened e-font-icon-svg e-fas-minus-circle\" viewBox=\"0 0 512 512\" xmlns=\"http:\/\/www.w3.org\/2000\/svg\"><path d=\"M256 8C119 8 8 119 8 256s111 248 248 248 248-111 248-248S393 8 256 8zM124 296c-6.6 0-12-5.4-12-12v-56c0-6.6 5.4-12 12-12h264c6.6 0 12 5.4 12 12v56c0 6.6-5.4 12-12 12H124z\"><\/path><\/svg><\/span>\n\t\t\t\t\t\t\t\t\t\t\t\t\t<\/span>\n\t\t\t\t\t\t\t\t\t\t\t\t<a class=\"elementor-toggle-title\" tabindex=\"0\">\u00bfQu\u00e9 programas internacionales manejan?<\/a>\n\t\t\t\t\t<\/div>\n\n\t\t\t\t\t<div id=\"elementor-tab-content-4544\" class=\"elementor-tab-content elementor-clearfix\" data-tab=\"4\" role=\"region\" aria-labelledby=\"elementor-tab-title-4544\"><p><span style=\"font-weight: 400\">Arboleda integra curr\u00edculos de alto est\u00e1ndar como HighScope, RULER y el Diploma IB, fomentando el aprendizaje activo y el liderazgo global.<\/span><\/p><\/div>\n\t\t\t\t<\/div>\n\t\t\t\t\t\t\t<div class=\"elementor-toggle-item\">\n\t\t\t\t\t<div id=\"elementor-tab-title-4545\" class=\"elementor-tab-title\" data-tab=\"5\" role=\"button\" aria-controls=\"elementor-tab-content-4545\" aria-expanded=\"false\">\n\t\t\t\t\t\t\t\t\t\t\t\t<span class=\"elementor-toggle-icon elementor-toggle-icon-right\" aria-hidden=\"true\">\n\t\t\t\t\t\t\t\t\t\t\t\t\t\t\t<span class=\"elementor-toggle-icon-closed\"><svg class=\"e-font-icon-svg e-fas-plus-circle\" viewBox=\"0 0 512 512\" xmlns=\"http:\/\/www.w3.org\/2000\/svg\"><path d=\"M256 8C119 8 8 119 8 256s111 248 248 248 248-111 248-248S393 8 256 8zm144 276c0 6.6-5.4 12-12 12h-92v92c0 6.6-5.4 12-12 12h-56c-6.6 0-12-5.4-12-12v-92h-92c-6.6 0-12-5.4-12-12v-56c0-6.6 5.4-12 12-12h92v-92c0-6.6 5.4-12 12-12h56c6.6 0 12 5.4 12 12v92h92c6.6 0 12 5.4 12 12v56z\"><\/path><\/svg><\/span>\n\t\t\t\t\t\t\t\t<span class=\"elementor-toggle-icon-opened\"><svg class=\"elementor-toggle-icon-opened e-font-icon-svg e-fas-minus-circle\" viewBox=\"0 0 512 512\" xmlns=\"http:\/\/www.w3.org\/2000\/svg\"><path d=\"M256 8C119 8 8 119 8 256s111 248 248 248 248-111 248-248S393 8 256 8zM124 296c-6.6 0-12-5.4-12-12v-56c0-6.6 5.4-12 12-12h264c6.6 0 12 5.4 12 12v56c0 6.6-5.4 12-12 12H124z\"><\/path><\/svg><\/span>\n\t\t\t\t\t\t\t\t\t\t\t\t\t<\/span>\n\t\t\t\t\t\t\t\t\t\t\t\t<a class=\"elementor-toggle-title\" tabindex=\"0\">\u00bfC\u00f3mo fomenta el colegio el desarrollo emocional?<\/a>\n\t\t\t\t\t<\/div>\n\n\t\t\t\t\t<div id=\"elementor-tab-content-4545\" class=\"elementor-tab-content elementor-clearfix\" data-tab=\"5\" role=\"region\" aria-labelledby=\"elementor-tab-title-4545\"><p><span style=\"font-weight: 400\">Implementamos el programa RULER, que desarrolla habilidades socioemocionales como la empat\u00eda, la autorregulaci\u00f3n y la resoluci\u00f3n de conflictos.<\/span><\/p><\/div>\n\t\t\t\t<\/div>\n\t\t\t\t\t\t\t<div class=\"elementor-toggle-item\">\n\t\t\t\t\t<div id=\"elementor-tab-title-4546\" class=\"elementor-tab-title\" data-tab=\"6\" role=\"button\" aria-controls=\"elementor-tab-content-4546\" aria-expanded=\"false\">\n\t\t\t\t\t\t\t\t\t\t\t\t<span class=\"elementor-toggle-icon elementor-toggle-icon-right\" aria-hidden=\"true\">\n\t\t\t\t\t\t\t\t\t\t\t\t\t\t\t<span class=\"elementor-toggle-icon-closed\"><svg class=\"e-font-icon-svg e-fas-plus-circle\" viewBox=\"0 0 512 512\" xmlns=\"http:\/\/www.w3.org\/2000\/svg\"><path d=\"M256 8C119 8 8 119 8 256s111 248 248 248 248-111 248-248S393 8 256 8zm144 276c0 6.6-5.4 12-12 12h-92v92c0 6.6-5.4 12-12 12h-56c-6.6 0-12-5.4-12-12v-92h-92c-6.6 0-12-5.4-12-12v-56c0-6.6 5.4-12 12-12h92v-92c0-6.6 5.4-12 12-12h56c6.6 0 12 5.4 12 12v92h92c6.6 0 12 5.4 12 12v56z\"><\/path><\/svg><\/span>\n\t\t\t\t\t\t\t\t<span class=\"elementor-toggle-icon-opened\"><svg class=\"elementor-toggle-icon-opened e-font-icon-svg e-fas-minus-circle\" viewBox=\"0 0 512 512\" xmlns=\"http:\/\/www.w3.org\/2000\/svg\"><path d=\"M256 8C119 8 8 119 8 256s111 248 248 248 248-111 248-248S393 8 256 8zM124 296c-6.6 0-12-5.4-12-12v-56c0-6.6 5.4-12 12-12h264c6.6 0 12 5.4 12 12v56c0 6.6-5.4 12-12 12H124z\"><\/path><\/svg><\/span>\n\t\t\t\t\t\t\t\t\t\t\t\t\t<\/span>\n\t\t\t\t\t\t\t\t\t\t\t\t<a class=\"elementor-toggle-title\" tabindex=\"0\">\u00bfQu\u00e9 calendario acad\u00e9mico tiene Arboleda School?<\/a>\n\t\t\t\t\t<\/div>\n\n\t\t\t\t\t<div id=\"elementor-tab-content-4546\" class=\"elementor-tab-content elementor-clearfix\" data-tab=\"6\" role=\"region\" aria-labelledby=\"elementor-tab-title-4546\"><p><span style=\"font-weight: 400\">Seguimos el calendario B, iniciando el a\u00f1o escolar en agosto y finalizando en junio del siguiente a\u00f1o.<\/span><\/p><\/div>\n\t\t\t\t<\/div>\n\t\t\t\t\t\t\t<div class=\"elementor-toggle-item\">\n\t\t\t\t\t<div id=\"elementor-tab-title-4547\" class=\"elementor-tab-title\" data-tab=\"7\" role=\"button\" aria-controls=\"elementor-tab-content-4547\" aria-expanded=\"false\">\n\t\t\t\t\t\t\t\t\t\t\t\t<span class=\"elementor-toggle-icon elementor-toggle-icon-right\" aria-hidden=\"true\">\n\t\t\t\t\t\t\t\t\t\t\t\t\t\t\t<span class=\"elementor-toggle-icon-closed\"><svg class=\"e-font-icon-svg e-fas-plus-circle\" viewBox=\"0 0 512 512\" xmlns=\"http:\/\/www.w3.org\/2000\/svg\"><path d=\"M256 8C119 8 8 119 8 256s111 248 248 248 248-111 248-248S393 8 256 8zm144 276c0 6.6-5.4 12-12 12h-92v92c0 6.6-5.4 12-12 12h-56c-6.6 0-12-5.4-12-12v-92h-92c-6.6 0-12-5.4-12-12v-56c0-6.6 5.4-12 12-12h92v-92c0-6.6 5.4-12 12-12h56c6.6 0 12 5.4 12 12v92h92c6.6 0 12 5.4 12 12v56z\"><\/path><\/svg><\/span>\n\t\t\t\t\t\t\t\t<span class=\"elementor-toggle-icon-opened\"><svg class=\"elementor-toggle-icon-opened e-font-icon-svg e-fas-minus-circle\" viewBox=\"0 0 512 512\" xmlns=\"http:\/\/www.w3.org\/2000\/svg\"><path d=\"M256 8C119 8 8 119 8 256s111 248 248 248 248-111 248-248S393 8 256 8zM124 296c-6.6 0-12-5.4-12-12v-56c0-6.6 5.4-12 12-12h264c6.6 0 12 5.4 12 12v56c0 6.6-5.4 12-12 12H124z\"><\/path><\/svg><\/span>\n\t\t\t\t\t\t\t\t\t\t\t\t\t<\/span>\n\t\t\t\t\t\t\t\t\t\t\t\t<a class=\"elementor-toggle-title\" tabindex=\"0\">\u00bfOfrecen transporte escolar?<\/a>\n\t\t\t\t\t<\/div>\n\n\t\t\t\t\t<div id=\"elementor-tab-content-4547\" class=\"elementor-tab-content elementor-clearfix\" data-tab=\"7\" role=\"region\" aria-labelledby=\"elementor-tab-title-4547\"><p><span style=\"font-weight: 400\">S\u00ed, contamos con un servicio de transporte confiable que cubre diferentes rutas adaptadas a las necesidades de las familias.<\/span><\/p><\/div>\n\t\t\t\t<\/div>\n\t\t\t\t\t\t\t<div class=\"elementor-toggle-item\">\n\t\t\t\t\t<div id=\"elementor-tab-title-4548\" class=\"elementor-tab-title\" data-tab=\"8\" role=\"button\" aria-controls=\"elementor-tab-content-4548\" aria-expanded=\"false\">\n\t\t\t\t\t\t\t\t\t\t\t\t<span class=\"elementor-toggle-icon elementor-toggle-icon-right\" aria-hidden=\"true\">\n\t\t\t\t\t\t\t\t\t\t\t\t\t\t\t<span class=\"elementor-toggle-icon-closed\"><svg class=\"e-font-icon-svg e-fas-plus-circle\" viewBox=\"0 0 512 512\" xmlns=\"http:\/\/www.w3.org\/2000\/svg\"><path d=\"M256 8C119 8 8 119 8 256s111 248 248 248 248-111 248-248S393 8 256 8zm144 276c0 6.6-5.4 12-12 12h-92v92c0 6.6-5.4 12-12 12h-56c-6.6 0-12-5.4-12-12v-92h-92c-6.6 0-12-5.4-12-12v-56c0-6.6 5.4-12 12-12h92v-92c0-6.6 5.4-12 12-12h56c6.6 0 12 5.4 12 12v92h92c6.6 0 12 5.4 12 12v56z\"><\/path><\/svg><\/span>\n\t\t\t\t\t\t\t\t<span class=\"elementor-toggle-icon-opened\"><svg class=\"elementor-toggle-icon-opened e-font-icon-svg e-fas-minus-circle\" viewBox=\"0 0 512 512\" xmlns=\"http:\/\/www.w3.org\/2000\/svg\"><path d=\"M256 8C119 8 8 119 8 256s111 248 248 248 248-111 248-248S393 8 256 8zM124 296c-6.6 0-12-5.4-12-12v-56c0-6.6 5.4-12 12-12h264c6.6 0 12 5.4 12 12v56c0 6.6-5.4 12-12 12H124z\"><\/path><\/svg><\/span>\n\t\t\t\t\t\t\t\t\t\t\t\t\t<\/span>\n\t\t\t\t\t\t\t\t\t\t\t\t<a class=\"elementor-toggle-title\" tabindex=\"0\">\u00bfQu\u00e9 tipo de actividades extracurriculares ofrecen?<\/a>\n\t\t\t\t\t<\/div>\n\n\t\t\t\t\t<div id=\"elementor-tab-content-4548\" class=\"elementor-tab-content elementor-clearfix\" data-tab=\"8\" role=\"region\" aria-labelledby=\"elementor-tab-title-4548\"><p><span style=\"font-weight: 400\">Ofrecemos actividades deportivas, art\u00edsticas, tecnol\u00f3gicas, de idiomas, matem\u00e1ticas y medioambientales que complementan la formaci\u00f3n integral.<\/span><\/p><\/div>\n\t\t\t\t<\/div>\n\t\t\t\t\t\t\t<div class=\"elementor-toggle-item\">\n\t\t\t\t\t<div id=\"elementor-tab-title-4549\" class=\"elementor-tab-title\" data-tab=\"9\" role=\"button\" aria-controls=\"elementor-tab-content-4549\" aria-expanded=\"false\">\n\t\t\t\t\t\t\t\t\t\t\t\t<span class=\"elementor-toggle-icon elementor-toggle-icon-right\" aria-hidden=\"true\">\n\t\t\t\t\t\t\t\t\t\t\t\t\t\t\t<span class=\"elementor-toggle-icon-closed\"><svg class=\"e-font-icon-svg e-fas-plus-circle\" viewBox=\"0 0 512 512\" xmlns=\"http:\/\/www.w3.org\/2000\/svg\"><path d=\"M256 8C119 8 8 119 8 256s111 248 248 248 248-111 248-248S393 8 256 8zm144 276c0 6.6-5.4 12-12 12h-92v92c0 6.6-5.4 12-12 12h-56c-6.6 0-12-5.4-12-12v-92h-92c-6.6 0-12-5.4-12-12v-56c0-6.6 5.4-12 12-12h92v-92c0-6.6 5.4-12 12-12h56c6.6 0 12 5.4 12 12v92h92c6.6 0 12 5.4 12 12v56z\"><\/path><\/svg><\/span>\n\t\t\t\t\t\t\t\t<span class=\"elementor-toggle-icon-opened\"><svg class=\"elementor-toggle-icon-opened e-font-icon-svg e-fas-minus-circle\" viewBox=\"0 0 512 512\" xmlns=\"http:\/\/www.w3.org\/2000\/svg\"><path d=\"M256 8C119 8 8 119 8 256s111 248 248 248 248-111 248-248S393 8 256 8zM124 296c-6.6 0-12-5.4-12-12v-56c0-6.6 5.4-12 12-12h264c6.6 0 12 5.4 12 12v56c0 6.6-5.4 12-12 12H124z\"><\/path><\/svg><\/span>\n\t\t\t\t\t\t\t\t\t\t\t\t\t<\/span>\n\t\t\t\t\t\t\t\t\t\t\t\t<a class=\"elementor-toggle-title\" tabindex=\"0\">\u00bfQu\u00e9 servicios de apoyo tienen para estudiantes?<\/a>\n\t\t\t\t\t<\/div>\n\n\t\t\t\t\t<div id=\"elementor-tab-content-4549\" class=\"elementor-tab-content elementor-clearfix\" data-tab=\"9\" role=\"region\" aria-labelledby=\"elementor-tab-title-4549\"><p><span style=\"font-weight: 400\">Contamos con el Learning Support Center, que promueve la atenci\u00f3n a la diversidad, elimina barreras para el aprendizaje y apoya el desarrollo integral.<\/span><\/p><\/div>\n\t\t\t\t<\/div>\n\t\t\t\t\t\t\t<div class=\"elementor-toggle-item\">\n\t\t\t\t\t<div id=\"elementor-tab-title-45410\" class=\"elementor-tab-title\" data-tab=\"10\" role=\"button\" aria-controls=\"elementor-tab-content-45410\" aria-expanded=\"false\">\n\t\t\t\t\t\t\t\t\t\t\t\t<span class=\"elementor-toggle-icon elementor-toggle-icon-right\" aria-hidden=\"true\">\n\t\t\t\t\t\t\t\t\t\t\t\t\t\t\t<span class=\"elementor-toggle-icon-closed\"><svg class=\"e-font-icon-svg e-fas-plus-circle\" viewBox=\"0 0 512 512\" xmlns=\"http:\/\/www.w3.org\/2000\/svg\"><path d=\"M256 8C119 8 8 119 8 256s111 248 248 248 248-111 248-248S393 8 256 8zm144 276c0 6.6-5.4 12-12 12h-92v92c0 6.6-5.4 12-12 12h-56c-6.6 0-12-5.4-12-12v-92h-92c-6.6 0-12-5.4-12-12v-56c0-6.6 5.4-12 12-12h92v-92c0-6.6 5.4-12 12-12h56c6.6 0 12 5.4 12 12v92h92c6.6 0 12 5.4 12 12v56z\"><\/path><\/svg><\/span>\n\t\t\t\t\t\t\t\t<span class=\"elementor-toggle-icon-opened\"><svg class=\"elementor-toggle-icon-opened e-font-icon-svg e-fas-minus-circle\" viewBox=\"0 0 512 512\" xmlns=\"http:\/\/www.w3.org\/2000\/svg\"><path d=\"M256 8C119 8 8 119 8 256s111 248 248 248 248-111 248-248S393 8 256 8zM124 296c-6.6 0-12-5.4-12-12v-56c0-6.6 5.4-12 12-12h264c6.6 0 12 5.4 12 12v56c0 6.6-5.4 12-12 12H124z\"><\/path><\/svg><\/span>\n\t\t\t\t\t\t\t\t\t\t\t\t\t<\/span>\n\t\t\t\t\t\t\t\t\t\t\t\t<a class=\"elementor-toggle-title\" tabindex=\"0\">\u00bfOfrecen viajes internacionales?<\/a>\n\t\t\t\t\t<\/div>\n\n\t\t\t\t\t<div id=\"elementor-tab-content-45410\" class=\"elementor-tab-content elementor-clearfix\" data-tab=\"10\" role=\"region\" aria-labelledby=\"elementor-tab-title-45410\"><p><span style=\"font-weight: 400\">S\u00ed, en Arboleda School fomentamos experiencias internacionales que enriquecen la visi\u00f3n global de los estudiantes. Organizamos intercambios culturales, acad\u00e9micos y deportivos seg\u00fan el nivel acad\u00e9mico.<\/span><\/p><\/div>\n\t\t\t\t<\/div>\n\t\t\t\t\t\t\t\t\t\t<script type=\"application\/ld+json\">{\"@context\":\"https:\\\/\\\/schema.org\",\"@type\":\"FAQPage\",\"mainEntity\":[{\"@type\":\"Question\",\"name\":\"\\u00bfDesde qu\\u00e9 edad pueden ingresar los estudiantes?\",\"acceptedAnswer\":{\"@type\":\"Answer\",\"text\":\"<p><span style=\\\"font-weight: 400\\\">Los ni\\u00f1os pueden ingresar desde los 12 meses en nuestra secci\\u00f3n de Early Childhood, adaptado a cada etapa de desarrollo.<\\\/span><\\\/p>\"}},{\"@type\":\"Question\",\"name\":\"\\u00bfCu\\u00e1les son los horarios en Arboleda School?\",\"acceptedAnswer\":{\"@type\":\"Answer\",\"text\":\"<ul><li style=\\\"font-weight: 400\\\"><span style=\\\"font-weight: 400\\\">K1-K2-K3: Horario regular de 8:00 a. m. a 12:00 m., con opci\\u00f3n de jornada extendida hasta las 2:30 p. m.<\\\/span><\\\/li><li style=\\\"font-weight: 400\\\"><span style=\\\"font-weight: 400\\\">K4-K5: 8:00 a. m. a 2:30 p. m.<\\\/span><\\\/li><li style=\\\"font-weight: 400\\\"><span style=\\\"font-weight: 400\\\">1st-12th Grade: 7:20 a. m. a 2:30 p. m.<\\\/span><\\\/li><\\\/ul>\"}},{\"@type\":\"Question\",\"name\":\"\\u00bfQu\\u00e9 idiomas se aprenden en Arboleda School?\",\"acceptedAnswer\":{\"@type\":\"Answer\",\"text\":\"<p><span style=\\\"font-weight: 400\\\">Arboleda ofrece un enfoque multiling\\u00fce con espa\\u00f1ol, ingl\\u00e9s (niveles B2-C1) y franc\\u00e9s (nivel B1), preparando a los estudiantes para un mundo globalizado.<\\\/span><\\\/p>\"}},{\"@type\":\"Question\",\"name\":\"\\u00bfQu\\u00e9 programas internacionales manejan?\",\"acceptedAnswer\":{\"@type\":\"Answer\",\"text\":\"<p><span style=\\\"font-weight: 400\\\">Arboleda integra curr\\u00edculos de alto est\\u00e1ndar como HighScope, RULER y el Diploma IB, fomentando el aprendizaje activo y el liderazgo global.<\\\/span><\\\/p>\"}},{\"@type\":\"Question\",\"name\":\"\\u00bfC\\u00f3mo fomenta el colegio el desarrollo emocional?\",\"acceptedAnswer\":{\"@type\":\"Answer\",\"text\":\"<p><span style=\\\"font-weight: 400\\\">Implementamos el programa RULER, que desarrolla habilidades socioemocionales como la empat\\u00eda, la autorregulaci\\u00f3n y la resoluci\\u00f3n de conflictos.<\\\/span><\\\/p>\"}},{\"@type\":\"Question\",\"name\":\"\\u00bfQu\\u00e9 calendario acad\\u00e9mico tiene Arboleda School?\",\"acceptedAnswer\":{\"@type\":\"Answer\",\"text\":\"<p><span style=\\\"font-weight: 400\\\">Seguimos el calendario B, iniciando el a\\u00f1o escolar en agosto y finalizando en junio del siguiente a\\u00f1o.<\\\/span><\\\/p>\"}},{\"@type\":\"Question\",\"name\":\"\\u00bfOfrecen transporte escolar?\",\"acceptedAnswer\":{\"@type\":\"Answer\",\"text\":\"<p><span style=\\\"font-weight: 400\\\">S\\u00ed, contamos con un servicio de transporte confiable que cubre diferentes rutas adaptadas a las necesidades de las familias.<\\\/span><\\\/p>\"}},{\"@type\":\"Question\",\"name\":\"\\u00bfQu\\u00e9 tipo de actividades extracurriculares ofrecen?\",\"acceptedAnswer\":{\"@type\":\"Answer\",\"text\":\"<p><span style=\\\"font-weight: 400\\\">Ofrecemos actividades deportivas, art\\u00edsticas, tecnol\\u00f3gicas, de idiomas, matem\\u00e1ticas y medioambientales que complementan la formaci\\u00f3n integral.<\\\/span><\\\/p>\"}},{\"@type\":\"Question\",\"name\":\"\\u00bfQu\\u00e9 servicios de apoyo tienen para estudiantes?\",\"acceptedAnswer\":{\"@type\":\"Answer\",\"text\":\"<p><span style=\\\"font-weight: 400\\\">Contamos con el Learning Support Center, que promueve la atenci\\u00f3n a la diversidad, elimina barreras para el aprendizaje y apoya el desarrollo integral.<\\\/span><\\\/p>\"}},{\"@type\":\"Question\",\"name\":\"\\u00bfOfrecen viajes internacionales?\",\"acceptedAnswer\":{\"@type\":\"Answer\",\"text\":\"<p><span style=\\\"font-weight: 400\\\">S\\u00ed, en Arboleda School fomentamos experiencias internacionales que enriquecen la visi\\u00f3n global de los estudiantes. Organizamos intercambios culturales, acad\\u00e9micos y deportivos seg\\u00fan el nivel acad\\u00e9mico.<\\\/span><\\\/p>\"}}]}<\/script>\n\t\t\t\t\t<\/div>\n\t\t\t\t\t\t<\/div>\n\t\t\t\t<\/div>\n\t\t\t\t<\/div>\n\t\t\t\t\t<\/div>\n\t\t\t\t<\/div>\n\t\t<div class=\"elementor-element elementor-element-59bcd7fa e-flex e-con-boxed e-con e-parent\" data-id=\"59bcd7fa\" data-element_type=\"container\" data-e-type=\"container\" data-settings=\"{&quot;background_background&quot;:&quot;classic&quot;}\">\n\t\t\t\t\t<div class=\"e-con-inner\">\n\t\t<div class=\"elementor-element elementor-element-62645a70 e-flex e-con-boxed e-con e-child\" data-id=\"62645a70\" data-element_type=\"container\" data-e-type=\"container\">\n\t\t\t\t\t<div class=\"e-con-inner\">\n\t\t<div class=\"elementor-element elementor-element-3aeae7b1 e-flex e-con-boxed e-con e-child\" data-id=\"3aeae7b1\" data-element_type=\"container\" data-e-type=\"container\">\n\t\t\t\t\t<div class=\"e-con-inner\">\n\t\t\t\t<div class=\"elementor-element elementor-element-50a53ffa elementor-widget elementor-widget-heading\" data-id=\"50a53ffa\" data-element_type=\"widget\" data-e-type=\"widget\" data-widget_type=\"heading.default\">\n\t\t\t\t<div class=\"elementor-widget-container\">\n\t\t\t\t\t<h2 class=\"elementor-heading-title elementor-size-default\">Siguientes pasos<\/h2>\t\t\t\t<\/div>\n\t\t\t\t<\/div>\n\t\t<div class=\"elementor-element elementor-element-30ccea73 e-con-full e-flex e-con e-child\" data-id=\"30ccea73\" data-element_type=\"container\" data-e-type=\"container\" data-settings=\"{&quot;background_background&quot;:&quot;classic&quot;}\">\n\t\t\t\t<div class=\"elementor-element elementor-element-5183a152 elementor-align-left elementor-widget__width-inherit elementor-widget elementor-widget-button\" data-id=\"5183a152\" data-element_type=\"widget\" data-e-type=\"widget\" data-widget_type=\"button.default\">\n\t\t\t\t<div class=\"elementor-widget-container\">\n\t\t\t\t\t\t\t\t\t<div class=\"elementor-button-wrapper\">\n\t\t\t\t\t<a class=\"elementor-button elementor-button-link elementor-size-xl\" href=\"https:\/\/laarboleda.edu.co\/es\/admisiones\/\">\n\t\t\t\t\t\t<span class=\"elementor-button-content-wrapper\">\n\t\t\t\t\t\t<span class=\"elementor-button-icon\">\n\t\t\t\t<svg aria-hidden=\"true\" class=\"e-font-icon-svg e-fas-user-friends\" viewBox=\"0 0 640 512\" xmlns=\"http:\/\/www.w3.org\/2000\/svg\"><path d=\"M192 256c61.9 0 112-50.1 112-112S253.9 32 192 32 80 82.1 80 144s50.1 112 112 112zm76.8 32h-8.3c-20.8 10-43.9 16-68.5 16s-47.6-6-68.5-16h-8.3C51.6 288 0 339.6 0 403.2V432c0 26.5 21.5 48 48 48h288c26.5 0 48-21.5 48-48v-28.8c0-63.6-51.6-115.2-115.2-115.2zM480 256c53 0 96-43 96-96s-43-96-96-96-96 43-96 96 43 96 96 96zm48 32h-3.8c-13.9 4.8-28.6 8-44.2 8s-30.3-3.2-44.2-8H432c-20.4 0-39.2 5.9-55.7 15.4 24.4 26.3 39.7 61.2 39.7 99.8v38.4c0 2.2-.5 4.3-.6 6.4H592c26.5 0 48-21.5 48-48 0-61.9-50.1-112-112-112z\"><\/path><\/svg>\t\t\t<\/span>\n\t\t\t\t\t\t\t\t\t<span class=\"elementor-button-text\">Admisiones<\/span>\n\t\t\t\t\t<\/span>\n\t\t\t\t\t<\/a>\n\t\t\t\t<\/div>\n\t\t\t\t\t\t\t\t<\/div>\n\t\t\t\t<\/div>\n\t\t\t\t<div class=\"elementor-element elementor-element-450d83bc elementor-align-left elementor-widget__width-inherit elementor-widget elementor-widget-button\" data-id=\"450d83bc\" data-element_type=\"widget\" data-e-type=\"widget\" data-widget_type=\"button.default\">\n\t\t\t\t<div class=\"elementor-widget-container\">\n\t\t\t\t\t\t\t\t\t<div class=\"elementor-button-wrapper\">\n\t\t\t\t\t<a class=\"elementor-button elementor-button-link elementor-size-xl\" href=\"https:\/\/laarboleda.edu.co\/es\/nuestra-esencia\/\">\n\t\t\t\t\t\t<span class=\"elementor-button-content-wrapper\">\n\t\t\t\t\t\t<span class=\"elementor-button-icon\">\n\t\t\t\t<svg aria-hidden=\"true\" class=\"e-font-icon-svg e-fas-tree\" viewBox=\"0 0 384 512\" xmlns=\"http:\/\/www.w3.org\/2000\/svg\"><path d=\"M378.31 378.49L298.42 288h30.63c9.01 0 16.98-5 20.78-13.06 3.8-8.04 2.55-17.26-3.28-24.05L268.42 160h28.89c9.1 0 17.3-5.35 20.86-13.61 3.52-8.13 1.86-17.59-4.24-24.08L203.66 4.83c-6.03-6.45-17.28-6.45-23.32 0L70.06 122.31c-6.1 6.49-7.75 15.95-4.24 24.08C69.38 154.65 77.59 160 86.69 160h28.89l-78.14 90.91c-5.81 6.78-7.06 15.99-3.27 24.04C37.97 283 45.93 288 54.95 288h30.63L5.69 378.49c-6 6.79-7.36 16.09-3.56 24.26 3.75 8.05 12 13.25 21.01 13.25H160v24.45l-30.29 48.4c-5.32 10.64 2.42 23.16 14.31 23.16h95.96c11.89 0 19.63-12.52 14.31-23.16L224 440.45V416h136.86c9.01 0 17.26-5.2 21.01-13.25 3.8-8.17 2.44-17.47-3.56-24.26z\"><\/path><\/svg>\t\t\t<\/span>\n\t\t\t\t\t\t\t\t\t<span class=\"elementor-button-text\">Nuestra Esencia<\/span>\n\t\t\t\t\t<\/span>\n\t\t\t\t\t<\/a>\n\t\t\t\t<\/div>\n\t\t\t\t\t\t\t\t<\/div>\n\t\t\t\t<\/div>\n\t\t\t\t<div class=\"elementor-element elementor-element-2653bd60 elementor-align-left elementor-widget__width-inherit elementor-widget elementor-widget-button\" data-id=\"2653bd60\" data-element_type=\"widget\" data-e-type=\"widget\" data-widget_type=\"button.default\">\n\t\t\t\t<div class=\"elementor-widget-container\">\n\t\t\t\t\t\t\t\t\t<div class=\"elementor-button-wrapper\">\n\t\t\t\t\t<a class=\"elementor-button elementor-button-link elementor-size-xl\" href=\"https:\/\/laarboleda.edu.co\/es\/nuestras-instalaciones\/\">\n\t\t\t\t\t\t<span class=\"elementor-button-content-wrapper\">\n\t\t\t\t\t\t<span class=\"elementor-button-icon\">\n\t\t\t\t<svg aria-hidden=\"true\" class=\"e-font-icon-svg e-fas-map-marked-alt\" viewBox=\"0 0 576 512\" xmlns=\"http:\/\/www.w3.org\/2000\/svg\"><path d=\"M288 0c-69.59 0-126 56.41-126 126 0 56.26 82.35 158.8 113.9 196.02 6.39 7.54 17.82 7.54 24.2 0C331.65 284.8 414 182.26 414 126 414 56.41 357.59 0 288 0zm0 168c-23.2 0-42-18.8-42-42s18.8-42 42-42 42 18.8 42 42-18.8 42-42 42zM20.12 215.95A32.006 32.006 0 0 0 0 245.66v250.32c0 11.32 11.43 19.06 21.94 14.86L160 448V214.92c-8.84-15.98-16.07-31.54-21.25-46.42L20.12 215.95zM288 359.67c-14.07 0-27.38-6.18-36.51-16.96-19.66-23.2-40.57-49.62-59.49-76.72v182l192 64V266c-18.92 27.09-39.82 53.52-59.49 76.72-9.13 10.77-22.44 16.95-36.51 16.95zm266.06-198.51L416 224v288l139.88-55.95A31.996 31.996 0 0 0 576 426.34V176.02c0-11.32-11.43-19.06-21.94-14.86z\"><\/path><\/svg>\t\t\t<\/span>\n\t\t\t\t\t\t\t\t\t<span class=\"elementor-button-text\">Nuestras Instalaciones<\/span>\n\t\t\t\t\t<\/span>\n\t\t\t\t\t<\/a>\n\t\t\t\t<\/div>\n\t\t\t\t\t\t\t\t<\/div>\n\t\t\t\t<\/div>\n\t\t\t\t<\/div>\n\t\t\t\t\t<\/div>\n\t\t\t\t<\/div>\n\t\t\t\t\t<\/div>\n\t\t\t\t<\/div>\n\t\t\t\t\t<\/div>\n\t\t\t\t<\/div>\n\t\t\t\t<\/div>\n\t\t","protected":false},"excerpt":{"rendered":"<p>PREGUNTAS FRECUENTES \u00bfDesde qu\u00e9 edad pueden ingresar los estudiantes? Los ni\u00f1os pueden ingresar desde los 12 meses en nuestra secci\u00f3n de Early Childhood, adaptado a cada etapa de desarrollo. \u00bfCu\u00e1les [&hellip;]<\/p>\n","protected":false},"author":15,"featured_media":0,"parent":2060,"menu_order":0,"comment_status":"closed","ping_status":"closed","template":"elementor_header_footer","meta":{"_acf_changed":false,"content-type":"","footnotes":""},"class_list":["post-124443","page","type-page","status-publish","hentry"],"acf":[],"yoast_head":"<!-- This site is optimized with the Yoast SEO plugin v27.1.1 - https:\/\/yoast.com\/product\/yoast-seo-wordpress\/ -->\n<title>FAQs - Arboleda School | International School Cali<\/title>\n<meta name=\"robots\" content=\"index, follow, max-snippet:-1, max-image-preview:large, max-video-preview:-1\" \/>\n<link rel=\"canonical\" href=\"https:\/\/laarboleda.edu.co\/es\/admisiones\/faqs\/\" \/>\n<meta property=\"og:locale\" content=\"es_ES\" \/>\n<meta property=\"og:type\" content=\"article\" \/>\n<meta property=\"og:title\" content=\"FAQs - Arboleda School | International School Cali\" \/>\n<meta property=\"og:description\" content=\"PREGUNTAS FRECUENTES \u00bfDesde qu\u00e9 edad pueden ingresar los estudiantes? Los ni\u00f1os pueden ingresar desde los 12 meses en nuestra secci\u00f3n de Early Childhood, adaptado a cada etapa de desarrollo. \u00bfCu\u00e1les [&hellip;]\" \/>\n<meta property=\"og:url\" content=\"https:\/\/laarboleda.edu.co\/es\/admisiones\/faqs\/\" \/>\n<meta property=\"og:site_name\" content=\"Arboleda School | International School Cali\" \/>\n<meta property=\"article:publisher\" content=\"https:\/\/www.facebook.com\/colegiolaarboleda\/\" \/>\n<meta property=\"article:modified_time\" content=\"2025-02-13T05:58:11+00:00\" \/>\n<meta property=\"og:image\" content=\"https:\/\/laarboleda.edu.co\/wp-content\/uploads\/sites\/34\/2024\/12\/Preguntas_Frecuentes_Arboleda_School_Educacion_integral_en_Cali.jpg?w=1440\" \/>\n<meta name=\"twitter:card\" content=\"summary_large_image\" \/>\n<meta name=\"twitter:label1\" content=\"Tiempo de lectura\" \/>\n\t<meta name=\"twitter:data1\" content=\"2 minutos\" \/>\n<script type=\"application\/ld+json\" class=\"yoast-schema-graph\">{\"@context\":\"https:\/\/schema.org\",\"@graph\":[{\"@type\":\"WebPage\",\"@id\":\"https:\/\/laarboleda.edu.co\/es\/admisiones\/faqs\/\",\"url\":\"https:\/\/laarboleda.edu.co\/es\/admisiones\/faqs\/\",\"name\":\"FAQs - Arboleda School | International School Cali\",\"isPartOf\":{\"@id\":\"https:\/\/laarboleda.edu.co\/es\/#website\"},\"primaryImageOfPage\":{\"@id\":\"https:\/\/laarboleda.edu.co\/es\/admisiones\/faqs\/#primaryimage\"},\"image\":{\"@id\":\"https:\/\/laarboleda.edu.co\/es\/admisiones\/faqs\/#primaryimage\"},\"thumbnailUrl\":\"https:\/\/laarboleda.edu.co\/wp-content\/uploads\/sites\/34\/2024\/12\/Preguntas_Frecuentes_Arboleda_School_Educacion_integral_en_Cali.jpg?w=1440\",\"datePublished\":\"2024-09-16T15:11:03+00:00\",\"dateModified\":\"2025-02-13T05:58:11+00:00\",\"breadcrumb\":{\"@id\":\"https:\/\/laarboleda.edu.co\/es\/admisiones\/faqs\/#breadcrumb\"},\"inLanguage\":\"es\",\"potentialAction\":[{\"@type\":\"ReadAction\",\"target\":[\"https:\/\/laarboleda.edu.co\/es\/admisiones\/faqs\/\"]}]},{\"@type\":\"ImageObject\",\"inLanguage\":\"es\",\"@id\":\"https:\/\/laarboleda.edu.co\/es\/admisiones\/faqs\/#primaryimage\",\"url\":\"https:\/\/laarboleda.edu.co\/wp-content\/uploads\/sites\/34\/2024\/12\/Preguntas_Frecuentes_Arboleda_School_Educacion_integral_en_Cali.jpg?w=1440\",\"contentUrl\":\"https:\/\/laarboleda.edu.co\/wp-content\/uploads\/sites\/34\/2024\/12\/Preguntas_Frecuentes_Arboleda_School_Educacion_integral_en_Cali.jpg?w=1440\"},{\"@type\":\"BreadcrumbList\",\"@id\":\"https:\/\/laarboleda.edu.co\/es\/admisiones\/faqs\/#breadcrumb\",\"itemListElement\":[{\"@type\":\"ListItem\",\"position\":1,\"name\":\"Home\",\"item\":\"https:\/\/laarboleda.edu.co\/es\/\"},{\"@type\":\"ListItem\",\"position\":2,\"name\":\"Admisiones\",\"item\":\"https:\/\/laarboleda.edu.co\/es\/admissions\/\"},{\"@type\":\"ListItem\",\"position\":3,\"name\":\"FAQs\"}]},{\"@type\":\"WebSite\",\"@id\":\"https:\/\/laarboleda.edu.co\/es\/#website\",\"url\":\"https:\/\/laarboleda.edu.co\/es\/\",\"name\":\"Arboleda School | International School Cali\",\"description\":\"Nos enfocamos en el desarrollo del ser y en el respeto a las diferencias. Adem\u00e1s, somos un colegio biling\u00fce (ingl\u00e9s y espa\u00f1ol, y franc\u00e9s como tercera lengua) de excelencia acad\u00e9mica y contamos con un curr\u00edculo internacional que permite intercambios internacionales a Canad\u00e1, Reino Unido, USA y Francia, as\u00ed como asesor\u00eda estudiantil para estudios superiores en el exterior.\",\"publisher\":{\"@id\":\"https:\/\/laarboleda.edu.co\/es\/#organization\"},\"potentialAction\":[{\"@type\":\"SearchAction\",\"target\":{\"@type\":\"EntryPoint\",\"urlTemplate\":\"https:\/\/laarboleda.edu.co\/es\/?s={search_term_string}\"},\"query-input\":{\"@type\":\"PropertyValueSpecification\",\"valueRequired\":true,\"valueName\":\"search_term_string\"}}],\"inLanguage\":\"es\"},{\"@type\":\"Organization\",\"@id\":\"https:\/\/laarboleda.edu.co\/es\/#organization\",\"name\":\"Arboleda School | International School Cali\",\"url\":\"https:\/\/laarboleda.edu.co\/es\/\",\"logo\":{\"@type\":\"ImageObject\",\"inLanguage\":\"es\",\"@id\":\"https:\/\/laarboleda.edu.co\/es\/#\/schema\/logo\/image\/\",\"url\":\"https:\/\/laarboleda.edu.co\/wp-content\/uploads\/sites\/34\/2024\/11\/cropped-LogoArboleda-2.png\",\"contentUrl\":\"https:\/\/laarboleda.edu.co\/wp-content\/uploads\/sites\/34\/2024\/11\/cropped-LogoArboleda-2.png\",\"width\":808,\"height\":388,\"caption\":\"Arboleda School | International School Cali\"},\"image\":{\"@id\":\"https:\/\/laarboleda.edu.co\/es\/#\/schema\/logo\/image\/\"},\"sameAs\":[\"https:\/\/www.facebook.com\/colegiolaarboleda\/\",\"https:\/\/www.instagram.com\/colegiolaarboleda\/\",\"https:\/\/www.youtube.com\/@ColegioLaArboledaCali\",\"https:\/\/www.linkedin.com\/company\/colegio-la-arboleda\"]}]}<\/script>\n<!-- \/ Yoast SEO plugin. -->","yoast_head_json":{"title":"FAQs - Arboleda School | International School Cali","robots":{"index":"index","follow":"follow","max-snippet":"max-snippet:-1","max-image-preview":"max-image-preview:large","max-video-preview":"max-video-preview:-1"},"canonical":"https:\/\/laarboleda.edu.co\/es\/admisiones\/faqs\/","og_locale":"es_ES","og_type":"article","og_title":"FAQs - Arboleda School | International School Cali","og_description":"PREGUNTAS FRECUENTES \u00bfDesde qu\u00e9 edad pueden ingresar los estudiantes? Los ni\u00f1os pueden ingresar desde los 12 meses en nuestra secci\u00f3n de Early Childhood, adaptado a cada etapa de desarrollo. \u00bfCu\u00e1les [&hellip;]","og_url":"https:\/\/laarboleda.edu.co\/es\/admisiones\/faqs\/","og_site_name":"Arboleda School | International School Cali","article_publisher":"https:\/\/www.facebook.com\/colegiolaarboleda\/","article_modified_time":"2025-02-13T05:58:11+00:00","og_image":[{"url":"https:\/\/laarboleda.edu.co\/wp-content\/uploads\/sites\/34\/2024\/12\/Preguntas_Frecuentes_Arboleda_School_Educacion_integral_en_Cali.jpg?w=1440","type":"","width":"","height":""}],"twitter_card":"summary_large_image","twitter_misc":{"Tiempo de lectura":"2 minutos"},"schema":{"@context":"https:\/\/schema.org","@graph":[{"@type":"WebPage","@id":"https:\/\/laarboleda.edu.co\/es\/admisiones\/faqs\/","url":"https:\/\/laarboleda.edu.co\/es\/admisiones\/faqs\/","name":"FAQs - Arboleda School | International School Cali","isPartOf":{"@id":"https:\/\/laarboleda.edu.co\/es\/#website"},"primaryImageOfPage":{"@id":"https:\/\/laarboleda.edu.co\/es\/admisiones\/faqs\/#primaryimage"},"image":{"@id":"https:\/\/laarboleda.edu.co\/es\/admisiones\/faqs\/#primaryimage"},"thumbnailUrl":"https:\/\/laarboleda.edu.co\/wp-content\/uploads\/sites\/34\/2024\/12\/Preguntas_Frecuentes_Arboleda_School_Educacion_integral_en_Cali.jpg?w=1440","datePublished":"2024-09-16T15:11:03+00:00","dateModified":"2025-02-13T05:58:11+00:00","breadcrumb":{"@id":"https:\/\/laarboleda.edu.co\/es\/admisiones\/faqs\/#breadcrumb"},"inLanguage":"es","potentialAction":[{"@type":"ReadAction","target":["https:\/\/laarboleda.edu.co\/es\/admisiones\/faqs\/"]}]},{"@type":"ImageObject","inLanguage":"es","@id":"https:\/\/laarboleda.edu.co\/es\/admisiones\/faqs\/#primaryimage","url":"https:\/\/laarboleda.edu.co\/wp-content\/uploads\/sites\/34\/2024\/12\/Preguntas_Frecuentes_Arboleda_School_Educacion_integral_en_Cali.jpg?w=1440","contentUrl":"https:\/\/laarboleda.edu.co\/wp-content\/uploads\/sites\/34\/2024\/12\/Preguntas_Frecuentes_Arboleda_School_Educacion_integral_en_Cali.jpg?w=1440"},{"@type":"BreadcrumbList","@id":"https:\/\/laarboleda.edu.co\/es\/admisiones\/faqs\/#breadcrumb","itemListElement":[{"@type":"ListItem","position":1,"name":"Home","item":"https:\/\/laarboleda.edu.co\/es\/"},{"@type":"ListItem","position":2,"name":"Admisiones","item":"https:\/\/laarboleda.edu.co\/es\/admissions\/"},{"@type":"ListItem","position":3,"name":"FAQs"}]},{"@type":"WebSite","@id":"https:\/\/laarboleda.edu.co\/es\/#website","url":"https:\/\/laarboleda.edu.co\/es\/","name":"Arboleda School | International School Cali","description":"Nos enfocamos en el desarrollo del ser y en el respeto a las diferencias. Adem\u00e1s, somos un colegio biling\u00fce (ingl\u00e9s y espa\u00f1ol, y franc\u00e9s como tercera lengua) de excelencia acad\u00e9mica y contamos con un curr\u00edculo internacional que permite intercambios internacionales a Canad\u00e1, Reino Unido, USA y Francia, as\u00ed como asesor\u00eda estudiantil para estudios superiores en el exterior.","publisher":{"@id":"https:\/\/laarboleda.edu.co\/es\/#organization"},"potentialAction":[{"@type":"SearchAction","target":{"@type":"EntryPoint","urlTemplate":"https:\/\/laarboleda.edu.co\/es\/?s={search_term_string}"},"query-input":{"@type":"PropertyValueSpecification","valueRequired":true,"valueName":"search_term_string"}}],"inLanguage":"es"},{"@type":"Organization","@id":"https:\/\/laarboleda.edu.co\/es\/#organization","name":"Arboleda School | International School Cali","url":"https:\/\/laarboleda.edu.co\/es\/","logo":{"@type":"ImageObject","inLanguage":"es","@id":"https:\/\/laarboleda.edu.co\/es\/#\/schema\/logo\/image\/","url":"https:\/\/laarboleda.edu.co\/wp-content\/uploads\/sites\/34\/2024\/11\/cropped-LogoArboleda-2.png","contentUrl":"https:\/\/laarboleda.edu.co\/wp-content\/uploads\/sites\/34\/2024\/11\/cropped-LogoArboleda-2.png","width":808,"height":388,"caption":"Arboleda School | International School Cali"},"image":{"@id":"https:\/\/laarboleda.edu.co\/es\/#\/schema\/logo\/image\/"},"sameAs":["https:\/\/www.facebook.com\/colegiolaarboleda\/","https:\/\/www.instagram.com\/colegiolaarboleda\/","https:\/\/www.youtube.com\/@ColegioLaArboledaCali","https:\/\/www.linkedin.com\/company\/colegio-la-arboleda"]}]}},"jetpack_sharing_enabled":true,"_links":{"self":[{"href":"https:\/\/laarboleda.edu.co\/es\/wp-json\/wp\/v2\/pages\/124443","targetHints":{"allow":["GET"]}}],"collection":[{"href":"https:\/\/laarboleda.edu.co\/es\/wp-json\/wp\/v2\/pages"}],"about":[{"href":"https:\/\/laarboleda.edu.co\/es\/wp-json\/wp\/v2\/types\/page"}],"author":[{"embeddable":true,"href":"https:\/\/laarboleda.edu.co\/es\/wp-json\/wp\/v2\/users\/15"}],"replies":[{"embeddable":true,"href":"https:\/\/laarboleda.edu.co\/es\/wp-json\/wp\/v2\/comments?post=124443"}],"version-history":[{"count":20,"href":"https:\/\/laarboleda.edu.co\/es\/wp-json\/wp\/v2\/pages\/124443\/revisions"}],"predecessor-version":[{"id":128205,"href":"https:\/\/laarboleda.edu.co\/es\/wp-json\/wp\/v2\/pages\/124443\/revisions\/128205"}],"up":[{"embeddable":true,"href":"https:\/\/laarboleda.edu.co\/es\/wp-json\/wp\/v2\/pages\/2060"}],"wp:attachment":[{"href":"https:\/\/laarboleda.edu.co\/es\/wp-json\/wp\/v2\/media?parent=124443"}],"curies":[{"name":"wp","href":"https:\/\/api.w.org\/{rel}","templated":true}]}}